{"id":1021,"date":"2026-01-19T18:44:06","date_gmt":"2026-01-19T17:44:06","guid":{"rendered":"https:\/\/associationpatrimoineetenvironnementwamin.com\/?page_id=1021"},"modified":"2026-02-05T15:49:31","modified_gmt":"2026-02-05T14:49:31","slug":"piquets-dhistoire","status":"publish","type":"page","link":"https:\/\/associationpatrimoineetenvironnementwamin.com\/index.php\/piquets-dhistoire\/","title":{"rendered":"Piquets d&rsquo;histoire"},"content":{"rendered":"\n<div class=\"wp-block-query alignwide is-layout-constrained wp-block-query-is-layout-constrained\"><ul class=\"alignwide wp-block-post-template is-layout-flow wp-block-post-template-is-layout-flow\"><li class=\"wp-block-post post-1128 post type-post status-publish format-standard has-post-thumbnail hentry category-piquets-dhistoire\">\n\n<div class=\"wp-block-group is-nowrap is-layout-flex wp-container-core-group-is-layout-cb0a7ccb wp-block-group-is-layout-flex\"><figure class=\"wp-block-post-featured-image\"><a href=\"https:\/\/associationpatrimoineetenvironnementwamin.com\/index.php\/2026\/08\/21\/les-cafes-a-wamin\/\" target=\"_self\" ><img loading=\"lazy\" decoding=\"async\" width=\"2560\" height=\"1917\" src=\"https:\/\/associationpatrimoineetenvironnementwamin.com\/wp-content\/uploads\/2026\/08\/Cafe-Melun-et-station-essence-1985-1-scaled.jpg\" class=\"attachment-post-thumbnail size-post-thumbnail wp-post-image\" alt=\"LES CAF\u00c9S \u00c0 WAMIN\" style=\"height:318px;width:100%;object-fit:cover;\" srcset=\"https:\/\/associationpatrimoineetenvironnementwamin.com\/wp-content\/uploads\/2026\/08\/Cafe-Melun-et-station-essence-1985-1-scaled.jpg 2560w, https:\/\/associationpatrimoineetenvironnementwamin.com\/wp-content\/uploads\/2026\/08\/Cafe-Melun-et-station-essence-1985-1-300x225.jpg 300w, https:\/\/associationpatrimoineetenvironnementwamin.com\/wp-content\/uploads\/2026\/08\/Cafe-Melun-et-station-essence-1985-1-1024x767.jpg 1024w, https:\/\/associationpatrimoineetenvironnementwamin.com\/wp-content\/uploads\/2026\/08\/Cafe-Melun-et-station-essence-1985-1-768x575.jpg 768w, https:\/\/associationpatrimoineetenvironnementwamin.com\/wp-content\/uploads\/2026\/08\/Cafe-Melun-et-station-essence-1985-1-1536x1150.jpg 1536w, https:\/\/associationpatrimoineetenvironnementwamin.com\/wp-content\/uploads\/2026\/08\/Cafe-Melun-et-station-essence-1985-1-2048x1534.jpg 2048w\" sizes=\"auto, (max-width: 2560px) 100vw, 2560px\" \/><\/a><\/figure><\/div>\n\n\n<h2 class=\"wp-block-post-title has-x-large-font-size\"><a href=\"https:\/\/associationpatrimoineetenvironnementwamin.com\/index.php\/2026\/08\/21\/les-cafes-a-wamin\/\" target=\"_self\" >LES CAF\u00c9S \u00c0 WAMIN<\/a><\/h2>\n\n<div class=\"wp-block-post-excerpt\"><p class=\"wp-block-post-excerpt__excerpt\">Alors qu\u2019au si\u00e8cle dernier, on comptait presque une dizaine&nbsp;de caf\u00e9s \u00e0 Wamin, aujourd\u2019hui, il n\u2019y en a plus aucun. Sur la photo ci-dessous, se trouvaient un caf\u00e9, une pompe \u00e0 essence et un mar\u00e9chal-ferrant qui, apr\u00e8s avoir longtemps ferr\u00e9 les chevaux, a r\u00e9par\u00e9 le mat\u00e9riel agricole dont l\u2019utilisation se d\u00e9veloppait. Il n\u2019\u00e9tait pas rare que\u2026 <\/p><\/div>\n\n<div class=\"wp-block-post-date has-small-font-size\"><a href=\"https:\/\/associationpatrimoineetenvironnementwamin.com\/index.php\/2026\/08\/21\/les-cafes-a-wamin\/\"><time datetime=\"2026-08-21T10:15:22+02:00\">ao\u00fbt 21, 2026<\/time><\/a><\/div>\n<\/li><li class=\"wp-block-post post-1107 post type-post status-publish format-standard has-post-thumbnail hentry category-piquets-dhistoire tag-piquets-dhistoire\">\n\n<div class=\"wp-block-group is-nowrap is-layout-flex wp-container-core-group-is-layout-cb0a7ccb wp-block-group-is-layout-flex\"><figure class=\"wp-block-post-featured-image\"><a href=\"https:\/\/associationpatrimoineetenvironnementwamin.com\/index.php\/2026\/08\/17\/les-processions-a-wamin\/\" target=\"_self\" ><img loading=\"lazy\" decoding=\"async\" width=\"1722\" height=\"1279\" src=\"https:\/\/associationpatrimoineetenvironnementwamin.com\/wp-content\/uploads\/2026\/08\/8.b.3-Procession-des-chandelles.png\" class=\"attachment-post-thumbnail size-post-thumbnail wp-post-image\" alt=\"LES PROCESSIONS \u00c0 WAMIN\" style=\"height:318px;width:100%;object-fit:cover;\" srcset=\"https:\/\/associationpatrimoineetenvironnementwamin.com\/wp-content\/uploads\/2026\/08\/8.b.3-Procession-des-chandelles.png 1722w, https:\/\/associationpatrimoineetenvironnementwamin.com\/wp-content\/uploads\/2026\/08\/8.b.3-Procession-des-chandelles-300x223.png 300w, https:\/\/associationpatrimoineetenvironnementwamin.com\/wp-content\/uploads\/2026\/08\/8.b.3-Procession-des-chandelles-1024x761.png 1024w, https:\/\/associationpatrimoineetenvironnementwamin.com\/wp-content\/uploads\/2026\/08\/8.b.3-Procession-des-chandelles-768x570.png 768w, https:\/\/associationpatrimoineetenvironnementwamin.com\/wp-content\/uploads\/2026\/08\/8.b.3-Procession-des-chandelles-1536x1141.png 1536w\" sizes=\"auto, (max-width: 1722px) 100vw, 1722px\" \/><\/a><\/figure><\/div>\n\n\n<h2 class=\"wp-block-post-title has-x-large-font-size\"><a href=\"https:\/\/associationpatrimoineetenvironnementwamin.com\/index.php\/2026\/08\/17\/les-processions-a-wamin\/\" target=\"_self\" >LES PROCESSIONS \u00c0 WAMIN<\/a><\/h2>\n\n<div class=\"wp-block-post-excerpt\"><p class=\"wp-block-post-excerpt__excerpt\">Comme dans tous les villages, les processions avaient souvent lieu en deux occasions. \u00c0 la F\u00eate Dieu, que l\u2019on nomme aujourd\u2019hui \u00ab&nbsp;solennit\u00e9 du Saint Sacrement du Corps et du Sang du Christ&nbsp;\u00bb, et lors de la f\u00eate du saint patron de l\u2019\u00e9glise. \u00c0 Wamin, si l&rsquo;\u00e9glise a pour titulaire Notre Dame, sous le vocable de\u2026 <\/p><\/div>\n\n<div class=\"wp-block-post-date has-small-font-size\"><a href=\"https:\/\/associationpatrimoineetenvironnementwamin.com\/index.php\/2026\/08\/17\/les-processions-a-wamin\/\"><time datetime=\"2026-08-17T17:07:47+02:00\">ao\u00fbt 17, 2026<\/time><\/a><\/div>\n<\/li><li class=\"wp-block-post post-1102 post type-post status-publish format-standard has-post-thumbnail hentry category-piquets-dhistoire tag-piquets-dhistoire\">\n\n<div class=\"wp-block-group is-nowrap is-layout-flex wp-container-core-group-is-layout-cb0a7ccb wp-block-group-is-layout-flex\"><figure class=\"wp-block-post-featured-image\"><a href=\"https:\/\/associationpatrimoineetenvironnementwamin.com\/index.php\/2026\/08\/17\/le-patronage\/\" target=\"_self\" ><img loading=\"lazy\" decoding=\"async\" width=\"2560\" height=\"1920\" src=\"https:\/\/associationpatrimoineetenvironnementwamin.com\/wp-content\/uploads\/2026\/08\/le-patronage-Wamin-scaled.jpg\" class=\"attachment-post-thumbnail size-post-thumbnail wp-post-image\" alt=\"LE PATRONAGE\" style=\"height:318px;width:100%;object-fit:cover;\" srcset=\"https:\/\/associationpatrimoineetenvironnementwamin.com\/wp-content\/uploads\/2026\/08\/le-patronage-Wamin-scaled.jpg 2560w, https:\/\/associationpatrimoineetenvironnementwamin.com\/wp-content\/uploads\/2026\/08\/le-patronage-Wamin-300x225.jpg 300w, https:\/\/associationpatrimoineetenvironnementwamin.com\/wp-content\/uploads\/2026\/08\/le-patronage-Wamin-1024x768.jpg 1024w, https:\/\/associationpatrimoineetenvironnementwamin.com\/wp-content\/uploads\/2026\/08\/le-patronage-Wamin-768x576.jpg 768w, https:\/\/associationpatrimoineetenvironnementwamin.com\/wp-content\/uploads\/2026\/08\/le-patronage-Wamin-1536x1152.jpg 1536w, https:\/\/associationpatrimoineetenvironnementwamin.com\/wp-content\/uploads\/2026\/08\/le-patronage-Wamin-2048x1536.jpg 2048w\" sizes=\"auto, (max-width: 2560px) 100vw, 2560px\" \/><\/a><\/figure><\/div>\n\n\n<h2 class=\"wp-block-post-title has-x-large-font-size\"><a href=\"https:\/\/associationpatrimoineetenvironnementwamin.com\/index.php\/2026\/08\/17\/le-patronage\/\" target=\"_self\" >LE PATRONAGE<\/a><\/h2>\n\n<div class=\"wp-block-post-excerpt\"><p class=\"wp-block-post-excerpt__excerpt\">C\u2019est le nom que l\u2019on donne \u00e0 la maison devant laquelle vous vous trouvez. De taille modeste, elle est construite en brique, et comprenait un logement et une salle de classe. Vous remarquerez la petite statue de la Sainte Vierge qui surplombe une fen\u00eatre. C\u2019est le 8 mai 1864 que l\u2019abb\u00e9 Th\u00e9ophile Toursel, cur\u00e9 de\u2026 <\/p><\/div>\n\n<div class=\"wp-block-post-date has-small-font-size\"><a href=\"https:\/\/associationpatrimoineetenvironnementwamin.com\/index.php\/2026\/08\/17\/le-patronage\/\"><time datetime=\"2026-08-17T16:45:19+02:00\">ao\u00fbt 17, 2026<\/time><\/a><\/div>\n<\/li><li class=\"wp-block-post post-1091 post type-post status-publish format-standard has-post-thumbnail hentry category-piquets-dhistoire tag-piquets-dhistoire\">\n\n<div class=\"wp-block-group is-nowrap is-layout-flex wp-container-core-group-is-layout-cb0a7ccb wp-block-group-is-layout-flex\"><figure class=\"wp-block-post-featured-image\"><a href=\"https:\/\/associationpatrimoineetenvironnementwamin.com\/index.php\/2026\/07\/31\/la-maison-de-boris\/\" target=\"_self\" ><img loading=\"lazy\" decoding=\"async\" width=\"2560\" height=\"1920\" src=\"https:\/\/associationpatrimoineetenvironnementwamin.com\/wp-content\/uploads\/2026\/07\/IMG_4701-1-scaled.jpeg\" class=\"attachment-post-thumbnail size-post-thumbnail wp-post-image\" alt=\"LA MAISON DE BORIS\" style=\"height:318px;width:100%;object-fit:cover;\" srcset=\"https:\/\/associationpatrimoineetenvironnementwamin.com\/wp-content\/uploads\/2026\/07\/IMG_4701-1-scaled.jpeg 2560w, https:\/\/associationpatrimoineetenvironnementwamin.com\/wp-content\/uploads\/2026\/07\/IMG_4701-1-300x225.jpeg 300w, https:\/\/associationpatrimoineetenvironnementwamin.com\/wp-content\/uploads\/2026\/07\/IMG_4701-1-1024x768.jpeg 1024w, https:\/\/associationpatrimoineetenvironnementwamin.com\/wp-content\/uploads\/2026\/07\/IMG_4701-1-768x576.jpeg 768w, https:\/\/associationpatrimoineetenvironnementwamin.com\/wp-content\/uploads\/2026\/07\/IMG_4701-1-1536x1152.jpeg 1536w, https:\/\/associationpatrimoineetenvironnementwamin.com\/wp-content\/uploads\/2026\/07\/IMG_4701-1-2048x1536.jpeg 2048w\" sizes=\"auto, (max-width: 2560px) 100vw, 2560px\" \/><\/a><\/figure><\/div>\n\n\n<h2 class=\"wp-block-post-title has-x-large-font-size\"><a href=\"https:\/\/associationpatrimoineetenvironnementwamin.com\/index.php\/2026\/07\/31\/la-maison-de-boris\/\" target=\"_self\" >LA MAISON DE BORIS<\/a><\/h2>\n\n<div class=\"wp-block-post-excerpt\"><p class=\"wp-block-post-excerpt__excerpt\">A cet emplacement s\u2019\u00e9levait une maison typique. Faite en torchis, le propri\u00e9taire qui l\u2019a achet\u00e9 en 2006 voulait la restaurer. Malheureusement, l\u2019\u00e9tat g\u00e9n\u00e9ral de la maison de ne permettait pas. Il a donc d\u00e9cid\u00e9 de la raser et de la reconstruire \u00e0 l\u2019identique, lui-m\u00eame&nbsp;! Patiemment, avec parfois l\u2019aide de l\u2019un ou l\u2019autre mais seul la\u2026 <\/p><\/div>\n\n<div class=\"wp-block-post-date has-small-font-size\"><a href=\"https:\/\/associationpatrimoineetenvironnementwamin.com\/index.php\/2026\/07\/31\/la-maison-de-boris\/\"><time datetime=\"2026-07-31T12:32:45+02:00\">juillet 31, 2026<\/time><\/a><\/div>\n<\/li><li class=\"wp-block-post post-1081 post type-post status-publish format-standard has-post-thumbnail hentry category-piquets-dhistoire tag-piquets-dhistoire\">\n\n<div class=\"wp-block-group is-nowrap is-layout-flex wp-container-core-group-is-layout-cb0a7ccb wp-block-group-is-layout-flex\"><figure class=\"wp-block-post-featured-image\"><a href=\"https:\/\/associationpatrimoineetenvironnementwamin.com\/index.php\/2026\/07\/08\/les-voyettes\/\" target=\"_self\" ><img loading=\"lazy\" decoding=\"async\" width=\"2560\" height=\"1707\" src=\"https:\/\/associationpatrimoineetenvironnementwamin.com\/wp-content\/uploads\/2026\/07\/IMG_2077-scaled.jpg\" class=\"attachment-post-thumbnail size-post-thumbnail wp-post-image\" alt=\"LES VOYETTES\" style=\"height:318px;width:100%;object-fit:cover;\" srcset=\"https:\/\/associationpatrimoineetenvironnementwamin.com\/wp-content\/uploads\/2026\/07\/IMG_2077-scaled.jpg 2560w, https:\/\/associationpatrimoineetenvironnementwamin.com\/wp-content\/uploads\/2026\/07\/IMG_2077-300x200.jpg 300w, https:\/\/associationpatrimoineetenvironnementwamin.com\/wp-content\/uploads\/2026\/07\/IMG_2077-1024x683.jpg 1024w, https:\/\/associationpatrimoineetenvironnementwamin.com\/wp-content\/uploads\/2026\/07\/IMG_2077-768x512.jpg 768w, https:\/\/associationpatrimoineetenvironnementwamin.com\/wp-content\/uploads\/2026\/07\/IMG_2077-1536x1024.jpg 1536w, https:\/\/associationpatrimoineetenvironnementwamin.com\/wp-content\/uploads\/2026\/07\/IMG_2077-2048x1365.jpg 2048w\" sizes=\"auto, (max-width: 2560px) 100vw, 2560px\" \/><\/a><\/figure><\/div>\n\n\n<h2 class=\"wp-block-post-title has-x-large-font-size\"><a href=\"https:\/\/associationpatrimoineetenvironnementwamin.com\/index.php\/2026\/07\/08\/les-voyettes\/\" target=\"_self\" >LES VOYETTES<\/a><\/h2>\n\n<div class=\"wp-block-post-excerpt\"><p class=\"wp-block-post-excerpt__excerpt\">Les \u00ab voyettes \u00bb ou petites voies sont des petits sentiers \u00e9troits et herb\u00e9s qui relient des points du village entre eux ou quim\u00e8nent en dehors du village. On passait dans les p\u00e2tures, parfois entre deux haies, et \u00e0 travers champs par des raccourcis et \u00e0 l\u2019abri des regards (tr\u00e8s utile pendant les guerres).Deux voyettes\u2026 <\/p><\/div>\n\n<div class=\"wp-block-post-date has-small-font-size\"><a href=\"https:\/\/associationpatrimoineetenvironnementwamin.com\/index.php\/2026\/07\/08\/les-voyettes\/\"><time datetime=\"2026-07-08T10:59:58+02:00\">juillet 8, 2026<\/time><\/a><\/div>\n<\/li><li class=\"wp-block-post post-957 post type-post status-publish format-standard has-post-thumbnail hentry category-piquets-dhistoire\">\n\n<div class=\"wp-block-group is-nowrap is-layout-flex wp-container-core-group-is-layout-cb0a7ccb wp-block-group-is-layout-flex\"><figure class=\"wp-block-post-featured-image\"><a href=\"https:\/\/associationpatrimoineetenvironnementwamin.com\/index.php\/2026\/01\/04\/tournages-au-chateau\/\" target=\"_self\" ><img loading=\"lazy\" decoding=\"async\" width=\"2560\" height=\"1920\" src=\"https:\/\/associationpatrimoineetenvironnementwamin.com\/wp-content\/uploads\/2024\/01\/71D6945D-8577-4995-ACAE-0A8FFA646556-scaled.jpeg\" class=\"attachment-post-thumbnail size-post-thumbnail wp-post-image\" alt=\"TOURNAGES AU CH\u00c2TEAU\" style=\"height:318px;width:100%;object-fit:cover;\" srcset=\"https:\/\/associationpatrimoineetenvironnementwamin.com\/wp-content\/uploads\/2024\/01\/71D6945D-8577-4995-ACAE-0A8FFA646556-scaled.jpeg 2560w, https:\/\/associationpatrimoineetenvironnementwamin.com\/wp-content\/uploads\/2024\/01\/71D6945D-8577-4995-ACAE-0A8FFA646556-300x225.jpeg 300w, https:\/\/associationpatrimoineetenvironnementwamin.com\/wp-content\/uploads\/2024\/01\/71D6945D-8577-4995-ACAE-0A8FFA646556-1024x768.jpeg 1024w, https:\/\/associationpatrimoineetenvironnementwamin.com\/wp-content\/uploads\/2024\/01\/71D6945D-8577-4995-ACAE-0A8FFA646556-768x576.jpeg 768w, https:\/\/associationpatrimoineetenvironnementwamin.com\/wp-content\/uploads\/2024\/01\/71D6945D-8577-4995-ACAE-0A8FFA646556-1536x1152.jpeg 1536w, https:\/\/associationpatrimoineetenvironnementwamin.com\/wp-content\/uploads\/2024\/01\/71D6945D-8577-4995-ACAE-0A8FFA646556-2048x1536.jpeg 2048w\" sizes=\"auto, (max-width: 2560px) 100vw, 2560px\" \/><\/a><\/figure><\/div>\n\n\n<h2 class=\"wp-block-post-title has-x-large-font-size\"><a href=\"https:\/\/associationpatrimoineetenvironnementwamin.com\/index.php\/2026\/01\/04\/tournages-au-chateau\/\" target=\"_self\" >TOURNAGES AU CH\u00c2TEAU<\/a><\/h2>\n\n<div class=\"wp-block-post-excerpt\"><p class=\"wp-block-post-excerpt__excerpt\">Parce que ce ch\u00e2teau est attrayant, autant \u00e0 l\u2019ext\u00e9rieur qu\u2019\u00e0 l\u2019int\u00e9rieur, deux films&nbsp;y ont \u00e9t\u00e9 tourn\u00e9s : Sous le soleil de Satan. Un film de Maurice Pialat, Palme d\u2019or du festival de Cannes en 1987. Parmi les acteurs de ce film adapt\u00e9 du roman de Georges Bernanos qui a habit\u00e9 \u00e0 Fressin \u00e0 quelques kilom\u00e8tres\u2026 <\/p><\/div>\n\n<div class=\"wp-block-post-date has-small-font-size\"><a href=\"https:\/\/associationpatrimoineetenvironnementwamin.com\/index.php\/2026\/01\/04\/tournages-au-chateau\/\"><time datetime=\"2026-01-04T19:08:33+01:00\">janvier 4, 2026<\/time><\/a><\/div>\n<\/li><li class=\"wp-block-post post-965 post type-post status-publish format-standard has-post-thumbnail hentry category-piquets-dhistoire tag-visiter-leglise\">\n\n<div class=\"wp-block-group is-nowrap is-layout-flex wp-container-core-group-is-layout-cb0a7ccb wp-block-group-is-layout-flex\"><figure class=\"wp-block-post-featured-image\"><a href=\"https:\/\/associationpatrimoineetenvironnementwamin.com\/index.php\/2026\/01\/04\/comment-visiter-leglise-alors-quelle-est-fermee\/\" target=\"_self\" ><img loading=\"lazy\" decoding=\"async\" width=\"391\" height=\"772\" src=\"https:\/\/associationpatrimoineetenvironnementwamin.com\/wp-content\/uploads\/2026\/01\/eglise.png\" class=\"attachment-post-thumbnail size-post-thumbnail wp-post-image\" alt=\"COMMENT VISITER L\u2019\u00c9GLISE ALORS QU\u2019ELLE EST FERM\u00c9E\u00a0?\" style=\"height:318px;width:100%;object-fit:cover;\" srcset=\"https:\/\/associationpatrimoineetenvironnementwamin.com\/wp-content\/uploads\/2026\/01\/eglise.png 391w, https:\/\/associationpatrimoineetenvironnementwamin.com\/wp-content\/uploads\/2026\/01\/eglise-152x300.png 152w\" sizes=\"auto, (max-width: 391px) 100vw, 391px\" \/><\/a><\/figure><\/div>\n\n\n<h2 class=\"wp-block-post-title has-x-large-font-size\"><a href=\"https:\/\/associationpatrimoineetenvironnementwamin.com\/index.php\/2026\/01\/04\/comment-visiter-leglise-alors-quelle-est-fermee\/\" target=\"_self\" >COMMENT VISITER L\u2019\u00c9GLISE ALORS QU\u2019ELLE EST FERM\u00c9E\u00a0?<\/a><\/h2>\n\n<div class=\"wp-block-post-excerpt\"><p class=\"wp-block-post-excerpt__excerpt\">Tout simplement en chargeant l\u2019application \u00ab&nbsp;BellesEglises&nbsp;\u00bb sur votre smartphone gr\u00e2ce \u00e0 ce QR code Puis en cliquant sur \u00ab&nbsp;\u00c9GLISES \u00c0 PROXIMIT\u00c9&nbsp;\u00bb. Un dernier petit clic sur Wamin et vous entrez alors dans l\u2019\u00e9glise Notre-Dame de l\u2019Assomption. Bonne visite&nbsp;! ou sur le site : https:\/\/www.belleseglises.com\/eglises\/wamin&#8212;eglise-notre-dame-de-lassomption <\/p><\/div>\n\n<div class=\"wp-block-post-date has-small-font-size\"><a href=\"https:\/\/associationpatrimoineetenvironnementwamin.com\/index.php\/2026\/01\/04\/comment-visiter-leglise-alors-quelle-est-fermee\/\"><time datetime=\"2026-01-04T19:08:17+01:00\">janvier 4, 2026<\/time><\/a><\/div>\n<\/li><li class=\"wp-block-post post-967 post type-post status-publish format-standard has-post-thumbnail hentry category-piquets-dhistoire tag-boulangerie tag-cafe tag-epicerie\">\n\n<div class=\"wp-block-group is-nowrap is-layout-flex wp-container-core-group-is-layout-cb0a7ccb wp-block-group-is-layout-flex\"><figure class=\"wp-block-post-featured-image\"><a href=\"https:\/\/associationpatrimoineetenvironnementwamin.com\/index.php\/2026\/01\/04\/cafe-epicerie-boulangerie-cabine-publique\/\" target=\"_self\" ><img loading=\"lazy\" decoding=\"async\" width=\"640\" height=\"480\" src=\"https:\/\/associationpatrimoineetenvironnementwamin.com\/wp-content\/uploads\/2026\/01\/La-Louche.jpeg\" class=\"attachment-post-thumbnail size-post-thumbnail wp-post-image\" alt=\"CAF\u00c9-\u00c9PICERIE-BOULANGERIE-CABINE PUBLIQUE\" style=\"height:318px;width:100%;object-fit:cover;\" srcset=\"https:\/\/associationpatrimoineetenvironnementwamin.com\/wp-content\/uploads\/2026\/01\/La-Louche.jpeg 640w, https:\/\/associationpatrimoineetenvironnementwamin.com\/wp-content\/uploads\/2026\/01\/La-Louche-300x225.jpeg 300w\" sizes=\"auto, (max-width: 640px) 100vw, 640px\" \/><\/a><\/figure><\/div>\n\n\n<h2 class=\"wp-block-post-title has-x-large-font-size\"><a href=\"https:\/\/associationpatrimoineetenvironnementwamin.com\/index.php\/2026\/01\/04\/cafe-epicerie-boulangerie-cabine-publique\/\" target=\"_self\" >CAF\u00c9-\u00c9PICERIE-BOULANGERIE-CABINE PUBLIQUE<\/a><\/h2>\n\n<div class=\"wp-block-post-excerpt\"><p class=\"wp-block-post-excerpt__excerpt\">\u00c0 l\u2019endroit o\u00f9 vous vous trouvez se trouvait le principal caf\u00e9 de Wamin. Situ\u00e9 id\u00e9alement au centre du village, les waminois s\u2019y rendaient en de nombreuses occasions. Ils venaient, par exemple, s\u2019approvisionner en pain \u00e0 la boulangerie (p\u00e9tri sur place ) apr\u00e8s avoir fait le plein d\u2019eau potable dans le puits situ\u00e9 au centre de\u2026 <\/p><\/div>\n\n<div class=\"wp-block-post-date has-small-font-size\"><a href=\"https:\/\/associationpatrimoineetenvironnementwamin.com\/index.php\/2026\/01\/04\/cafe-epicerie-boulangerie-cabine-publique\/\"><time datetime=\"2026-01-04T19:08:04+01:00\">janvier 4, 2026<\/time><\/a><\/div>\n<\/li><li class=\"wp-block-post post-963 post type-post status-publish format-standard has-post-thumbnail hentry category-piquets-dhistoire tag-choux tag-naissent-ils tag-rosiers\">\n\n<div class=\"wp-block-group is-nowrap is-layout-flex wp-container-core-group-is-layout-cb0a7ccb wp-block-group-is-layout-flex\"><figure class=\"wp-block-post-featured-image\"><a href=\"https:\/\/associationpatrimoineetenvironnementwamin.com\/index.php\/2026\/01\/04\/naissent-ils-dans-les-choux-ou-dans-les-rosiers\/\" target=\"_self\" ><img loading=\"lazy\" decoding=\"async\" width=\"300\" height=\"300\" src=\"https:\/\/associationpatrimoineetenvironnementwamin.com\/wp-content\/uploads\/2026\/01\/rosiers-e1770912790781.jpg\" class=\"attachment-post-thumbnail size-post-thumbnail wp-post-image\" alt=\"NAISSENT-ILS DANS LES CHOUX OU DANS LES ROSIERS\u00a0?\" style=\"height:318px;width:100%;object-fit:cover;\" \/><\/a><\/figure><\/div>\n\n\n<h2 class=\"wp-block-post-title has-x-large-font-size\"><a href=\"https:\/\/associationpatrimoineetenvironnementwamin.com\/index.php\/2026\/01\/04\/naissent-ils-dans-les-choux-ou-dans-les-rosiers\/\" target=\"_self\" >NAISSENT-ILS DANS LES CHOUX OU DANS LES ROSIERS\u00a0?<\/a><\/h2>\n\n<div class=\"wp-block-post-excerpt\"><p class=\"wp-block-post-excerpt__excerpt\">\u00c0 Wamin, sur la place du village, le monument aux morts rappelle le sacrifice de nos ain\u00e9s en temps de guerre. Mais on y c\u00e9l\u00e8bre aussi la vie&nbsp;! Des rosiers sont plant\u00e9s pour rappeler la naissance, dans l\u2019ann\u00e9e \u00e9coul\u00e9e, d\u2019un enfant du village. Ainsi, en 2023, des rosiers ont \u00e9t\u00e9 plant\u00e9s pour Rose, Vianney et\u2026 <\/p><\/div>\n\n<div class=\"wp-block-post-date has-small-font-size\"><a href=\"https:\/\/associationpatrimoineetenvironnementwamin.com\/index.php\/2026\/01\/04\/naissent-ils-dans-les-choux-ou-dans-les-rosiers\/\"><time datetime=\"2026-01-04T18:50:52+01:00\">janvier 4, 2026<\/time><\/a><\/div>\n<\/li><\/ul>\n\n\n<hr class=\"wp-block-separator has-css-opacity alignwide is-style-wide\"\/>\n<\/div>\n\n\n\n<p class=\"wp-block-paragraph\"><\/p>\n","protected":false},"excerpt":{"rendered":"","protected":false},"author":2,"featured_media":0,"parent":0,"menu_order":4,"comment_status":"closed","ping_status":"closed","template":"","meta":{"footnotes":""},"class_list":["post-1021","page","type-page","status-publish","hentry"],"_links":{"self":[{"href":"https:\/\/associationpatrimoineetenvironnementwamin.com\/index.php\/wp-json\/wp\/v2\/pages\/1021","targetHints":{"allow":["GET"]}}],"collection":[{"href":"https:\/\/associationpatrimoineetenvironnementwamin.com\/index.php\/wp-json\/wp\/v2\/pages"}],"about":[{"href":"https:\/\/associationpatrimoineetenvironnementwamin.com\/index.php\/wp-json\/wp\/v2\/types\/page"}],"author":[{"embeddable":true,"href":"https:\/\/associationpatrimoineetenvironnementwamin.com\/index.php\/wp-json\/wp\/v2\/users\/2"}],"replies":[{"embeddable":true,"href":"https:\/\/associationpatrimoineetenvironnementwamin.com\/index.php\/wp-json\/wp\/v2\/comments?post=1021"}],"version-history":[{"count":13,"href":"https:\/\/associationpatrimoineetenvironnementwamin.com\/index.php\/wp-json\/wp\/v2\/pages\/1021\/revisions"}],"predecessor-version":[{"id":1056,"href":"https:\/\/associationpatrimoineetenvironnementwamin.com\/index.php\/wp-json\/wp\/v2\/pages\/1021\/revisions\/1056"}],"wp:attachment":[{"href":"https:\/\/associationpatrimoineetenvironnementwamin.com\/index.php\/wp-json\/wp\/v2\/media?parent=1021"}],"curies":[{"name":"wp","href":"https:\/\/api.w.org\/{rel}","templated":true}]}}